{"id":1217,"date":"2013-04-14T18:28:26","date_gmt":"2013-04-14T16:28:26","guid":{"rendered":"http:\/\/www.barriodemovera.es\/?page_id=1217"},"modified":"2022-09-16T17:13:21","modified_gmt":"2022-09-16T15:13:21","slug":"novedades","status":"publish","type":"page","link":"http:\/\/www.barriodemovera.es\/?page_id=1217","title":{"rendered":"Novedades"},"content":{"rendered":"<p>En esta p\u00e1gina se informa de las \u00faltimas modificaciones y nuevas incorporaciones al blog.<\/p>\n<p>16.09.2022 &#8211; Secci\u00f3n <a href=\"http:\/\/www.barriodemovera.es\/?page_id=215\">Fiestas<\/a> se incorporan los datos de <a href=\"http:\/\/www.barriodemovera.es\/?page_id=3727\">2022<\/a><\/p>\n<p>24.04.2020\u00a0&#8211; Se crea la Secci\u00f3n <a href=\"http:\/\/www.barriodemovera.es\/?page_id=3740\">Estad\u00edstica<\/a>\u00a0y se incorporan los datos de <a href=\"http:\/\/www.barriodemovera.es\/?page_id=3742\">2014<\/a>, <a href=\"http:\/\/www.barriodemovera.es\/?page_id=3753\">2015<\/a>, <a href=\"http:\/\/www.barriodemovera.es\/?page_id=3759\">2016<\/a>, <a href=\"http:\/\/www.barriodemovera.es\/?page_id=3764\">2017<\/a>, <a href=\"http:\/\/www.barriodemovera.es\/?page_id=3770\">2018<\/a> y\u00a0<a href=\"http:\/\/www.barriodemovera.es\/?page_id=3776\">2019<\/a><\/p>\n<p>20.04.2020\u00a0&#8211; Secci\u00f3n <a href=\"http:\/\/www.barriodemovera.es\/?page_id=215\">Fiestas<\/a> se incorporan los datos de <a href=\"http:\/\/www.barriodemovera.es\/?page_id=3727\">2020<\/a><\/p>\n<p>14.09.2019\u00a0&#8211; Secci\u00f3n <a href=\"http:\/\/www.barriodemovera.es\/?page_id=215\">Fiestas<\/a> se incorporan los datos de <a href=\"http:\/\/www.barriodemovera.es\/?page_id=3702\">2019<\/a><\/p>\n<address>14.09.2019\u00a0&#8211; Secci\u00f3n C.D. Movera (Apartado <a href=\"http:\/\/www.barriodemovera.es\/?page_id=2795\">1980-1989<\/a>) se incorporan nuevas fotograf\u00edas.14.09.2018\u00a0&#8211; Secci\u00f3n <a href=\"http:\/\/www.barriodemovera.es\/?page_id=215\">Fiestas<\/a> se incorporan los datos de <a href=\"http:\/\/www.barriodemovera.es\/?page_id=3679\">2018<\/a>29.10.2017\u00a0&#8211; Secci\u00f3n Parroquia (Apartado <a href=\"http:\/\/www.barriodemovera.es\/?page_id=155\">P\u00e1rrocos<\/a>) se actualiza la informaci\u00f3n.<\/p>\n<address>\n<address>01.10.2017\u00a0&#8211; Secci\u00f3n <a href=\"http:\/\/www.barriodemovera.es\/?page_id=215\">Fiestas<\/a> se incorporan los datos de <a href=\"http:\/\/www.barriodemovera.es\/?page_id=3648\">2017<\/a><\/address>\n<address>\u00a0<\/address>\n<address>01.09.2017\u00a0&#8211; Secci\u00f3n <a href=\"http:\/\/www.barriodemovera.es\/?page_id=149\">Torres<\/a>\u00a0se incorpora relaci\u00f3n de <a href=\"http:\/\/www.barriodemovera.es\/?page_id=3640\">1.850<\/a><\/address>\n<address>\u00a0<\/address>\n<address>18.08.2017\u00a0&#8211; Secci\u00f3n Personajes (Apartado <a href=\"http:\/\/www.barriodemovera.es\/?page_id=521\">Pilar\u00edn Pascual Valero<\/a>)\u00a0se incorporan nuevos datos.<\/address>\n<address>18.08.2017 &#8211; Secci\u00f3n Historia (Apartado <a href=\"http:\/\/www.barriodemovera.es\/?page_id=490\">Casino Agr\u00edcola<\/a>)\u00a0se incorporan nuevos datos.<\/address>\n<p>13.08.2017\u00a0&#8211; Secci\u00f3n <a href=\"http:\/\/www.barriodemovera.es\/?page_id=215\">Fiestas<\/a>\u00a0se incorporan nuevos datos.<\/p>\n<p>13.08.2017 &#8211; Secci\u00f3n <a href=\"http:\/\/www.barriodemovera.es\/?page_id=3616\">Prensa Hist\u00f3rica<\/a> se incorporan nuevos datos.<\/p>\n<p>12.08.2017\u00a0&#8211; Secci\u00f3n <a href=\"http:\/\/www.barriodemovera.es\/?page_id=2280\">C.D. Movera &#8211; Historia<\/a>\u00a0se incorporan nuevos datos.<\/p>\n<\/address>\n<address>24.09.2016\u00a0&#8211; Secci\u00f3n <a href=\"http:\/\/www.barriodemovera.es\/?page_id=215\">Fiestas<\/a> se incorporan los datos de <a href=\"http:\/\/www.barriodemovera.es\/?page_id=3555\">2016<\/a><\/address>\n<address>\u00a0<\/address>\n<address>22.02.2016 &#8211; Secci\u00f3n <a href=\"http:\/\/www.barriodemovera.es\/?page_id=215\">Fiestas<\/a> se incorporan los datos de <a href=\"http:\/\/www.barriodemovera.es\/?page_id=3522\">1967<\/a><\/address>\n<address>22.02.2016 &#8211; Se actualizan los <a href=\"http:\/\/www.barriodemovera.es\/?page_id=288\">enlaces de inter\u00e9s<\/a><\/address>\n<address>\u00a0<\/address>\n<address>02.11.2015 &#8211; Secci\u00f3n Parroquia (Apartado <a href=\"http:\/\/www.barriodemovera.es\/?page_id=155\">P\u00e1rrocos<\/a>) se actualiza la informaci\u00f3n.<\/address>\n<address>\u00a0<\/address>\n<address>27.09.2015 &#8211; Secci\u00f3n <a href=\"http:\/\/www.barriodemovera.es\/?page_id=215\">Fiestas<\/a> se incorporan los datos de <a href=\"http:\/\/www.barriodemovera.es\/?page_id=3480\">2015<\/a><\/address>\n<address>\u00a0<\/address>\n<address>09.05.2015 &#8211; Secci\u00f3n Torres se incorpora relaci\u00f3n de <a href=\"http:\/\/www.barriodemovera.es\/?page_id=3420\">1.861<\/a><\/address>\n<address>09.05.2015 &#8211; Secci\u00f3n Genealog\u00eda (Apartado Censos\/Padrones) se incorpora el <a href=\"http:\/\/www.barriodemovera.es\/?page_id=3425\">Censo Electoral de 1.890<\/a><\/address>\n<address>\u00a0<\/address>\n<address>15.03.2015 &#8211; Secci\u00f3n Personajes se incorpora rese\u00f1a <a href=\"http:\/\/www.barriodemovera.es\/?page_id=3403\">Leonardo Olivera Buera (Beato)<\/a><\/address>\n<address>\u00a0<\/address>\n<address>21.02.2015 &#8211; Secci\u00f3n\u00a0Genealog\u00eda (Apartado Censos\/Padrones) se incorpora el <a href=\"http:\/\/www.barriodemovera.es\/?page_id=3333\">Censo Electoral de 1.895<\/a><\/address>\n<address>21.02.2015 &#8211; Secci\u00f3n Genealog\u00eda (Apartado Censos\/Padrones) se incorpora el <a href=\"http:\/\/www.barriodemovera.es\/?page_id=3348\">Censo Electoral de 1.898<\/a><\/address>\n<address>21.02.2015 &#8211; Secci\u00f3n Genealog\u00eda (Apartado Censos\/Padrones) se incorpora el <a href=\"http:\/\/www.barriodemovera.es\/?page_id=3360\">Censo Electoral de 1.913<\/a><\/address>\n<address>21.02.2015 &#8211; Secci\u00f3n Genealog\u00eda (Apartado Censos\/Padrones) se incorpora el <a href=\"http:\/\/www.barriodemovera.es\/?page_id=3370\">Censo Electoral de 1.917<\/a><\/address>\n<address>21.02.2015 &#8211; Secci\u00f3n Genealog\u00eda (Apartado Censos\/Padrones) se incorpora el <a href=\"http:\/\/www.barriodemovera.es\/?page_id=3381\">Censo Electoral de 1.922<\/a><\/address>\n<address>\u00a0<\/address>\n<address>24.01.2015 &#8211; Secci\u00f3n C.D. Movera (Apartado <a href=\"http:\/\/www.barriodemovera.es\/?page_id=2795\">1980-1989<\/a>) se incorporan nuevas fotograf\u00edas.<\/address>\n<address>\u00a0<\/address>\n<address>03.01.2015 &#8211; Secci\u00f3n Parroquia (Apartado Hojitas) se incorporan las <a href=\"http:\/\/www.barriodemovera.es\/?page_id=161\">hojas parroquiales de 1.920 y 1.921<\/a><\/address>\n<address>\u00a0<\/address>\n<address>15.11.2014 &#8211; Secci\u00f3n C.D. Movera (Apartado <a href=\"http:\/\/www.barriodemovera.es\/?page_id=2280\">Historia<\/a>) se incorporan nuevas fotograf\u00edas.<\/address>\n<address>15.11.2014 &#8211; Secci\u00f3n Archivo (Apartado <a href=\"http:\/\/www.barriodemovera.es\/?page_id=1762\">Archivo Fotogr\u00e1fico<\/a>) se incorporan nuevas fotograf\u00edas.<\/address>\n<address>\u00a0<\/address>\n<address>29.10.2014 &#8211; Secci\u00f3n Archivo (Apartado <a href=\"http:\/\/www.barriodemovera.es\/?page_id=2537\">Archivo Documentos<\/a>) se incorporan nuevas im\u00e1genes.<\/address>\n<address>29.10.2014 &#8211; Secci\u00f3n Parroquia (Apartado <a href=\"http:\/\/www.barriodemovera.es\/?page_id=155\">P\u00e1rrocos<\/a>) se actualiza la informaci\u00f3n.<\/address>\n<address>\u00a0<\/address>\n<address>21.10.2014 &#8211; Secci\u00f3n Archivo (Apartado <a href=\"http:\/\/www.barriodemovera.es\/?page_id=2537\">Archivo Documentos<\/a>) se incoporan nuevas im\u00e1genes.<\/address>\n<address>\u00a0<\/address>\n<address>28.09.2014 &#8211; Secci\u00f3n <a href=\"http:\/\/www.barriodemovera.es\/?page_id=215\">Fiestas<\/a> se incorporan los datos de <a href=\"http:\/\/www.barriodemovera.es\/?page_id=3136\">2014<\/a><\/address>\n<address>\u00a0<\/address>\n<address>22.09.2014 &#8211; Secci\u00f3n <a href=\"http:\/\/www.barriodemovera.es\/?page_id=215\">Fiestas<\/a> se incorporan nuevas fotograf\u00edas.<\/address>\n<address>\u00a0<\/address>\n<address>24.08.2014 &#8211; Secci\u00f3n <a href=\"http:\/\/www.barriodemovera.es\/?page_id=215\">Fiestas<\/a> se remodela la p\u00e1gina principal para mostrar informaci\u00f3n seg\u00fan la d\u00e9cada<\/address>\n<address>\u00a0<\/address>\n<address>16.08.2014 &#8211; Secci\u00f3n Fiestas se incorporan nuevas im\u00e1genes del a\u00f1o <a href=\"http:\/\/www.barriodemovera.es\/?page_id=1937\">1.963<\/a><\/address>\n<address>16.08.2014 &#8211; Secci\u00f3n C.D. Movera (Apartado <a href=\"http:\/\/www.barriodemovera.es\/?page_id=2280\">Historia<\/a>) se incorporan nuevas fotograf\u00edas.<\/address>\n<address>16.08.2014 &#8211; Secci\u00f3n Archivo (Apartado <a href=\"http:\/\/www.barriodemovera.es\/?page_id=2537\">Archivo Documentos<\/a>) se incorporan nuevas im\u00e1genes.<\/address>\n<address>\u00a0<\/address>\n<address>31.07.2014 &#8211; Secci\u00f3n C.D. Movera se crea el Apartado <a href=\"http:\/\/www.barriodemovera.es\/?page_id=2795\">CD Movera 1.980 &#8211; 1989<\/a><\/address>\n<address>\u00a0<\/address>\n<address>15.07.2014 &#8211; Secci\u00f3n Archivo (Apartado <a href=\"http:\/\/www.barriodemovera.es\/?page_id=2952\">Archivo Rural<\/a>) se incorporan nuevas fotograf\u00edas<\/address>\n<address>15.07.2014 &#8211; Secci\u00f3n Archivo (Apartado <a href=\"http:\/\/www.barriodemovera.es\/?page_id=2537\">Archivo Documentos<\/a>) se incorporan nuevas im\u00e1genes<\/address>\n<address>\u00a0<\/address>\n<address>26.06.2014 &#8211; Secci\u00f3n Archivo (Apartado <a href=\"http:\/\/www.barriodemovera.es\/?page_id=2952\">Archivo Rural<\/a>) se incorporan nuevas fotograf\u00edas<\/address>\n<address>26.06.2014 &#8211; Secci\u00f3n Archivo (Apartado <a href=\"http:\/\/www.barriodemovera.es\/?page_id=2537\">Archivo Documentos<\/a>) se incorporan nuevas im\u00e1genes<\/address>\n<address>\u00a0<\/address>\n<address>19.06.2014 &#8211; Secci\u00f3n Archivo (Apartado <a href=\"http:\/\/www.barriodemovera.es\/?page_id=2952\">Archivo Rural<\/a>) se incorporan nuevas fotograf\u00edas.<\/address>\n<address>19.06.2014 &#8211; Secci\u00f3n Archivo (Apartado <a href=\"http:\/\/www.barriodemovera.es\/?page_id=2537\">Archivo Documentos<\/a>) se incoporan nuevas im\u00e1genes.<\/address>\n<address>19.06.2014 &#8211; Secci\u00f3n Archivo (Apartado <a href=\"http:\/\/www.barriodemovera.es\/?page_id=1762\">Archivo Fotogr\u00e1fico<\/a>) se incorporan nuevas fotograf\u00edas.<\/address>\n<address>\u00a0<\/address>\n<address><span style=\"line-height: 1.6em;\">09.06.2014 &#8211; Secci\u00f3n Archivo (Apartado <\/span><a style=\"line-height: 1.6em;\" href=\"http:\/\/www.barriodemovera.es\/?page_id=2952\">Archivo Rural<\/a><span style=\"line-height: 1.6em;\">) se incorporan nuevas fotograf\u00edas.<\/span><span style=\"line-height: 1.6em;\">\u00a0<\/span><\/address>\n<address>\u00a0<\/address>\n<address><span style=\"line-height: 1.6em;\">29.05.2014 &#8211; Secci\u00f3n Genealog\u00eda (Apartado Familias) se ha modificado el \u00e1rbol geneal\u00f3gico de la <\/span><a style=\"line-height: 1.6em;\" href=\"http:\/\/www.barriodemovera.es\/?page_id=2502\">familia Loscertales-Belloc<\/a><\/address>\n<address>29.05.2014 &#8211; Secci\u00f3n Archivo se incorpora el Apartado <a href=\"http:\/\/www.barriodemovera.es\/?page_id=2952\">Archivo Rural<\/a><\/address>\n<address>\u00a0<\/address>\n<address>24.05.2014 &#8211; Secci\u00f3n Archivo (Apartado Huerta Honda) se incorpora el <a href=\"http:\/\/www.barriodemovera.es\/?page_id=2917\">bolet\u00edn n\u00ba 17 de Abril de 1.991<\/a><\/address>\n<address>24.05.2014 &#8211; Secci\u00f3n Archivo (Apartado Huerta Honda) se incorpora el <a href=\"http:\/\/www.barriodemovera.es\/?page_id=2928\">bolet\u00edn n\u00ba 18 de Diciembre de 1.991<\/a><\/address>\n<address>24.05.2014 &#8211; Secci\u00f3n Archivo (Apartado Huerta Honda) se incorpora el <a href=\"http:\/\/www.barriodemovera.es\/?page_id=2937\">bolet\u00edn n\u00ba ?? de Mayo de 1.995<\/a><\/address>\n<address>\u00a0<\/address>\n<address>15.05.2014 &#8211; Secci\u00f3n Personajes se incorpora rese\u00f1a de <a href=\"http:\/\/www.barriodemovera.es\/?page_id=2855\">Francisco Cavero<\/a><\/address>\n<address>\u00a0<\/address>\n<address>06.05.2014 &#8211; Secci\u00f3n Personajes se incorpora rese\u00f1a de <a href=\"http:\/\/www.barriodemovera.es\/?page_id=2828\">Residencia de Mayores<\/a><\/address>\n<address>\u00a0<\/address>\n<address>02.05.2014 &#8211; Secci\u00f3n Archivo se incorpora el Apartado <a href=\"http:\/\/www.barriodemovera.es\/?page_id=2778\">Archivo Agr\u00edcola<\/a><\/address>\n<address>\u00a0<\/address>\n<address>30.04.2014 &#8211; Secci\u00f3n Archivo (Apartado Huerta Honda) se incorpora el <a href=\"http:\/\/www.barriodemovera.es\/?page_id=2646\">bolet\u00edn n\u00ba 10 de Febrero de 1.987<\/a><\/address>\n<address>30.04.2014 &#8211; Secci\u00f3n Archivo (Apartado Huerta Honda) se incorpora el <a href=\"http:\/\/www.barriodemovera.es\/?page_id=2665\">bolet\u00edn n\u00ba 11 de Abril de 1.987<\/a><\/address>\n<address>30.04.2014 &#8211; Secci\u00f3n Archivo (Apartado Huerta Honda) se incorpora el <a href=\"http:\/\/www.barriodemovera.es\/?page_id=2683\">bolet\u00edn n\u00ba 12 de Julio de 1.987<\/a><\/address>\n<address>30.04.2014 &#8211; Secci\u00f3n Archivo (Apartado Huerta Honda) se incorpora el <a href=\"http:\/\/www.barriodemovera.es\/?page_id=2702\">bolet\u00edn n\u00ba 13 de Septiembre de 1.987<\/a><\/address>\n<address>30.04.2014 &#8211; Secci\u00f3n Archivo (Apartado Huerta Honda) se incorpora el <a href=\"http:\/\/www.barriodemovera.es\/?page_id=2719\">bolet\u00edn n\u00ba 14 de Abril de 1.988<\/a><\/address>\n<address>30.04.2014 &#8211; Secci\u00f3n Archivo (Apartado Huerta Honda) se incorpora el <a href=\"http:\/\/www.barriodemovera.es\/?page_id=2742\">bolet\u00edn n\u00ba 16 de Abril de 1.989<\/a><\/address>\n<address>\u00a0<\/address>\n<address>27.04.2014 &#8211; Secci\u00f3n Archivo (Apartado Huerta Honda) se incorpora el <a href=\"http:\/\/www.barriodemovera.es\/?page_id=2555\">bolet\u00edn n\u00ba 4\u00a0de Abril de 1.985<\/a><\/address>\n<address>27.04.2014 &#8211; Secci\u00f3n Archivo (Apartado Huerta Honda) se incorpora el <a href=\"http:\/\/www.barriodemovera.es\/?page_id=2565\">bolet\u00edn n\u00ba 5\u00a0de Septiembre de 1.985<\/a><\/address>\n<address>27.04.2014 &#8211; Secci\u00f3n Archivo (Apartado Huerta Honda) se incorpora el <a href=\"http:\/\/www.barriodemovera.es\/?page_id=2579\">bolet\u00edn n\u00ba 6\u00a0de Diciembre de 1.985<\/a><\/address>\n<address>27.04.2014 &#8211; Secci\u00f3n Archivo (Apartado Huerta Honda) se incorpora el <a href=\"http:\/\/www.barriodemovera.es\/?page_id=2596\">bolet\u00edn n\u00ba 7 de Abril de 1.986<\/a><\/address>\n<address>27.04.2014 &#8211; Secci\u00f3n Archivo (Apartado Huerta Honda) se incorpora el <a href=\"http:\/\/www.barriodemovera.es\/?page_id=2612\">bolet\u00edn n\u00ba 8 de Septiembre de 1.986<\/a><\/address>\n<address>27.04.2014 &#8211; Secci\u00f3n Archivo (Apartado Huerta Honda) se incorpora el <a href=\"http:\/\/www.barriodemovera.es\/?page_id=2627\">bolet\u00edn n\u00ba 9 de Diciembre de 1.986<\/a><\/address>\n<address>\u00a0<span style=\"line-height: 1.6em;\">\u00a0<\/span><\/address>\n<address>06.04.2014 &#8211; Secci\u00f3n Archivo Fotogr\u00e1fico pasa a ser un Apartado de la nueva Secci\u00f3n <a href=\"http:\/\/www.barriodemovera.es\/?page_id=2529\">Archivo<\/a><\/address>\n<address>06.04.2014 &#8211; Secci\u00f3n Archivo se incorpora el apartado <a href=\"http:\/\/www.barriodemovera.es\/?page_id=2537\">Documentos<\/a><\/address>\n<address>06.04.2014 &#8211; Secci\u00f3n Archivo se incorpora el apartado <a href=\"http:\/\/www.barriodemovera.es\/?page_id=2443\">Huerta Honda<\/a><\/address>\n<address>\u00a0<\/address>\n<address>22.03.2014 &#8211; P\u00e1gina principal se incorpora encuesta de satisfacci\u00f3n entre los visitantes<\/address>\n<address>22.03.2014 &#8211; Secci\u00f3n Fiestas se incorporan nuevas im\u00e1genes\u00a0del a\u00f1o <a href=\"http:\/\/www.barriodemovera.es\/?page_id=381\">1.978<\/a><\/address>\n<address>22.03.2014 &#8211; Secci\u00f3n Genealog\u00eda (Apartado Familias) se incorpora el \u00e1rbol geneal\u00f3gico de la <a href=\"http:\/\/www.barriodemovera.es\/?page_id=2496\">familia Abad\u00eda-Seral<\/a><\/address>\n<address>22.03.2014 &#8211; Secci\u00f3n Genealog\u00eda (Apartado Familias) se incorpora el \u00e1rbol geneal\u00f3gico de la <a href=\"http:\/\/www.barriodemovera.es\/?page_id=2502\">familia Loscertales-Belloc<\/a><\/address>\n<address>22.03.2014 &#8211; Secci\u00f3n Genealog\u00eda (Apartado Familias) se incorpora el \u00e1rbol geneal\u00f3gico de la <a href=\"http:\/\/www.barriodemovera.es\/?page_id=2506\">familia L\u00e1zaro-Abad\u00eda<\/a><\/address>\n<address>\u00a0<\/address>\n<address>24.01.2014 &#8211; Secci\u00f3n <a href=\"http:\/\/www.barriodemovera.es\/?page_id=1762\">Archivo Fotogr\u00e1fico <\/a>se incorporan nuevas fotograf\u00edas.<\/address>\n<address>24.01.2014 &#8211; Secci\u00f3n Fiestas se incoporan nuevas fotograf\u00edas de <a href=\"http:\/\/www.barriodemovera.es\/?page_id=330\">1.962<\/a><\/address>\n<address>24.01.2014 &#8211; Secci\u00f3n Fiestas se incorporan nuevas fotograf\u00edas de <a href=\"http:\/\/www.barriodemovera.es\/?page_id=333\">1.970<\/a><\/address>\n<address>24.01.2014 &#8211; Secci\u00f3n Fiestas se incorporan nuevas fotograf\u00edas de <a href=\"http:\/\/www.barriodemovera.es\/?page_id=381\">1.978<\/a><\/address>\n<address>24.01.2014 &#8211; Secci\u00f3n Fiestas se incorporan nuevas fotograf\u00edas de <a href=\"http:\/\/www.barriodemovera.es\/?page_id=1481\">1.992\u00a0<\/a><\/address>\n<address>\u00a0<\/address>\n<address>27.12.2013 &#8211; Secci\u00f3n Fiestas se incorporan los datos de <a href=\"http:\/\/www.barriodemovera.es\/?page_id=2313\">1.954<\/a><\/address>\n<address>27.12.2013 &#8211; Secci\u00f3n Fiestas se incorporan los datos de <a href=\"http:\/\/www.barriodemovera.es\/?page_id=2328\">1.956<\/a><\/address>\n<address>27.12.2013 &#8211; Secci\u00f3n Fiestas se incorporan los datos de <a href=\"http:\/\/www.barriodemovera.es\/?page_id=2340\">1.958<\/a><\/address>\n<address>27.12.2013 &#8211; Secci\u00f3n Fiestas se incorporan los datos de <a href=\"http:\/\/www.barriodemovera.es\/?page_id=2350\">1.959\u00a0<\/a><\/address>\n<address>\u00a0<\/address>\n<address>17.12.2013 &#8211; Secci\u00f3n C.D. Movera se ha remodelado la p\u00e1gina de <a href=\"http:\/\/www.barriodemovera.es\/?page_id=2280\">Historia<\/a><\/address>\n<address>\u00a0<\/address>\n<address>14.12.2013 &#8211; Secci\u00f3n <a href=\"http:\/\/www.barriodemovera.es\/?page_id=1762\">Archivo Fotogr\u00e1fico<\/a> se incorporan nuevas fotograf\u00edas.<\/address>\n<address>\u00a0<\/address>\n<address>29.11.2013 &#8211; Secci\u00f3n Fiestas se incorporan los datos del a\u00f1o <a href=\"http:\/\/www.barriodemovera.es\/?page_id=2229\">1.949<\/a><\/address>\n<address>29.11.2013 &#8211; Secci\u00f3n Personajes se incorpora rese\u00f1a de <a href=\"http:\/\/www.barriodemovera.es\/?page_id=2251\">Autobuses Pina<\/a><\/address>\n<address>\u00a0<\/address>\n<address>22.11.2013 &#8211; Secci\u00f3n Fiestas se incorporan los datos del a\u00f1o <a href=\"http:\/\/www.barriodemovera.es\/?page_id=2220\">1.942<\/a><\/address>\n<address>\u00a0<\/address>\n<address>19.11.2013 &#8211; Secci\u00f3n <a href=\"http:\/\/www.barriodemovera.es\/?page_id=1762\">Archivo Fotogr\u00e1fico<\/a> se incorporan nuevas fotograf\u00edas<\/address>\n<address>\u00a0<\/address>\n<address>09.11.2013 &#8211; Secci\u00f3n <a href=\"http:\/\/www.barriodemovera.es\/?page_id=1762\">Archivo Fotogr\u00e1fico<\/a> se incorporan nuevas fotograf\u00edas.<\/address>\n<address>09.11.2013 &#8211; Secci\u00f3n Personajes se actualiza rese\u00f1a de <a href=\"http:\/\/www.barriodemovera.es\/?page_id=521\">Pilar\u00edn Pascual<\/a><\/address>\n<address>09.11.2013 &#8211; Secci\u00f3n Fiestas se incorporan nuevas im\u00e1genes del a\u00f1o <a href=\"http:\/\/www.barriodemovera.es\/?page_id=2027\">1.964<\/a><\/address>\n<address>09.11.2013 &#8211; Secci\u00f3n Fiestas se incorporan nuevas im\u00e1genes del a\u00f1o <a href=\"http:\/\/www.barriodemovera.es\/?page_id=330\">1.962<\/a><\/address>\n<address>09.11.2013 &#8211; Secci\u00f3n Fiestas se incorporan nuevas im\u00e1genes del a\u00f1o <a href=\"http:\/\/www.barriodemovera.es\/?page_id=1307\">1.983<\/a><\/address>\n<address>\u00a0<\/address>\n<address>30.10.2013 &#8211; Secci\u00f3n <a href=\"http:\/\/www.barriodemovera.es\/?page_id=1762\">Archivo Fotogr\u00e1fico<\/a> se incorporan nuevas fotograf\u00edas.<\/address>\n<address>\u00a0<\/address>\n<address>24.10.2013 &#8211; Secci\u00f3n <a href=\"http:\/\/www.barriodemovera.es\/?page_id=1762\">Archivo Fotogr\u00e1fico<\/a> se incorporan nuevas fotograf\u00edas.<\/address>\n<address>\u00a0<\/address>\n<address>08.10.2013 &#8211; Secci\u00f3n <a href=\"http:\/\/www.barriodemovera.es\/?page_id=1762\">Archivo Fotogr\u00e1fico<\/a> se incorporan nuevas fotograf\u00edas.<\/address>\n<address>08.10.2013 &#8211; Secci\u00f3n Fiestas se corrige el a\u00f1o <a href=\"http:\/\/www.barriodemovera.es\/?page_id=1899\">1967<\/a>, los datos corresponden a <a href=\"http:\/\/www.barriodemovera.es\/?page_id=1899\">1.968<\/a><\/address>\n<address>\u00a0<\/address>\n<address>01.10.2013 &#8211; Secci\u00f3n Genealog\u00eda (Apartado Censos\/padrones) se incorpora el <a href=\"http:\/\/www.barriodemovera.es\/?page_id=2166\">padr\u00f3n de 1.878<\/a><\/address>\n<address>\u00a0<\/address>\n<address>27.09.2013 &#8211; Secci\u00f3n <a href=\"http:\/\/www.barriodemovera.es\/?page_id=225\">Prensa Hist\u00f3rica<\/a> se incoporan nuevas noticias<\/address>\n<address>\u00a0<\/address>\n<address>26.09.2013 &#8211; Secci\u00f3n <a href=\"http:\/\/www.barriodemovera.es\/?page_id=1762\">Archivo Fotogr\u00e1fico<\/a> se incorporan nuevas fotograf\u00edas<\/address>\n<address>\u00a0<\/address>\n<address>18.09.2013 &#8211; Secci\u00f3n Fiestas se incorporan nuevas im\u00e1genes del a\u00f1o <a href=\"http:\/\/www.barriodemovera.es\/?page_id=2027\">1.964<\/a><\/address>\n<address>18.09.2013 &#8211; Secci\u00f3n Fiestas se incorporan nuevas im\u00e1genes del a\u00f1o <a href=\"http:\/\/www.barriodemovera.es\/?page_id=2032\">1.966<\/a><\/address>\n<address>18.09.2013 &#8211; Secci\u00f3n Fiestas se incorporan nuevas im\u00e1genes del a\u00f1o <a href=\"http:\/\/www.barriodemovera.es\/?page_id=333\">1.970<\/a><\/address>\n<address>\u00a0<\/address>\n<address>16.09.2013 &#8211; Secci\u00f3n Fiestas se incorporan nuevas im\u00e1genes del a\u00f1o <a href=\"http:\/\/www.barriodemovera.es\/?page_id=2036\">1.969<\/a><\/address>\n<address>16.09.2013 &#8211; Secci\u00f3n <a href=\"http:\/\/www.barriodemovera.es\/?page_id=225\">Prensa Hist\u00f3rica<\/a> se incorporan nuevas noticias.<\/address>\n<address>\u00a0<\/address>\n<address>11.09.2013 &#8211; Secci\u00f3n Fiestas se incorporan los datos del per\u00edodo <a href=\"http:\/\/www.barriodemovera.es\/?page_id=2094\">2.010 &#8211; 2.013<\/a><\/address>\n<address>\u00a0<\/address>\n<address>27.08.2013 &#8211; Secci\u00f3n <a href=\"http:\/\/www.barriodemovera.es\/?page_id=1762\">Archivo Fotogr\u00e1fico<\/a> se incorporan nuevas fotograf\u00edas<\/address>\n<address>\u00a0<\/address>\n<address>26.08.2013 &#8211; Secci\u00f3n Fiestas se incorporan los datos del a\u00f1o <a href=\"http:\/\/www.barriodemovera.es\/?page_id=2023\">1.961<\/a><\/address>\n<address>26.08.2013 &#8211; Secci\u00f3n Fiestas se incorporan los datos del a\u00f1o <a href=\"http:\/\/www.barriodemovera.es\/?page_id=2027\">1.964<\/a><\/address>\n<address>26.08.2013 &#8211; Secci\u00f3n Fiestas se incorporan los datos del a\u00f1o <a href=\"http:\/\/www.barriodemovera.es\/?page_id=2032\">1.966<\/a><\/address>\n<address>26.08.2013 &#8211; Secci\u00f3n Fiestas se incorporan los datos del a\u00f1o <a href=\"http:\/\/www.barriodemovera.es\/?page_id=2036\">1.969<\/a><\/address>\n<address>26.08.2013 &#8211; Secci\u00f3n Fiestas se incorporan nuevas im\u00e1genes en el <a href=\"http:\/\/www.barriodemovera.es\/?page_id=1465\">per\u00edodo 1990 &#8211; 1999<\/a><\/address>\n<address>\u00a0<\/address>\n<address>08.08.2013 &#8211; Secci\u00f3n Fiestas se incoporan los datos del a\u00f1o <a href=\"http:\/\/www.barriodemovera.es\/?page_id=1937\">1.963<\/a><\/address>\n<address>08.08.2013 &#8211; Secci\u00f3n <a href=\"http:\/\/www.barriodemovera.es\/?page_id=1762\">Archivo Fotogr\u00e1fico<\/a> se incorporan nuevas fotograf\u00edas<\/address>\n<address>08.08.2013 &#8211; Secci\u00f3n Fiestas se incorporan los datos del <a href=\"http:\/\/www.barriodemovera.es\/?page_id=1993\">per\u00edodo 2000 &#8211; 2009<\/a><\/address>\n<address>\u00a0<\/address>\n<address>02.08.2013 &#8211; Secci\u00f3n Fiestas se incorporan los datos del a\u00f1o <a href=\"http:\/\/www.barriodemovera.es\/?page_id=1899\">1.967<\/a><\/address>\n<address>02.08.2013 &#8211; Secci\u00f3n <a href=\"http:\/\/www.barriodemovera.es\/?page_id=1762\">Archivo Fotogr\u00e1fico<\/a> se inicia la exposici\u00f3n de fotograf\u00edas antiguas<\/address>\n<address>02.08.2013 &#8211; P\u00e1gina principal (Secci\u00f3n Varios) se crea el apartado <a href=\"http:\/\/www.barriodemovera.es\/?page_id=1923\">Comentarios<\/a><\/address>\n<address>\u00a0<\/address>\n<address>29.07.2013 &#8211; Secci\u00f3n Genealog\u00eda (Apartado Censos\/Padrones) se incorpora el <a href=\"http:\/\/www.barriodemovera.es\/?page_id=1852\">Censo Electoral de 1.905<\/a><\/address>\n<address>29.07.2013 &#8211; Secci\u00f3n Genealog\u00eda (Apartado Censos\/Padrones) se incorpora el <a href=\"http:\/\/www.barriodemovera.es\/?page_id=1866\">Censo Electoral de 1.934<\/a><\/address>\n<address><span style=\"line-height: 1.6em;\">\u00a0<\/span><\/address>\n<address>24.07.2013 &#8211; Secci\u00f3n Genealog\u00eda (Apartado Censos\/Padrones) se incorpora el <a href=\"http:\/\/www.barriodemovera.es\/?page_id=1769\">Censo Electoral de 1.909<\/a><\/address>\n<address>24.07.2013 &#8211; Secci\u00f3n Genealog\u00eda (Apartado Censos\/Padrones) se incorpora el <a href=\"http:\/\/www.barriodemovera.es\/?page_id=1784\">Censo Electoral de 1.916<\/a><\/address>\n<address>24.07.2013 &#8211; Secci\u00f3n Genealog\u00eda (Apartado Censos\/Padrones) se incorpora el <a href=\"http:\/\/www.barriodemovera.es\/?page_id=1796\">Censo Electoral de 1.920<\/a><\/address>\n<address>\u00a0<\/address>\n<address><span style=\"line-height: 1.6em;\">25.06.2013 &#8211; Secci\u00f3n Historia se crea el apartado <\/span><a style=\"line-height: 1.6em;\" href=\"http:\/\/www.barriodemovera.es\/?page_id=1679\">Tranv\u00eda<\/a><span style=\"line-height: 1.6em;\">.<\/span><\/address>\n<address>25.06.2013 &#8211; Secci\u00f3n Fiestas se incorporan nuevas im\u00e1genes en el <a href=\"http:\/\/www.barriodemovera.es\/?page_id=388\">per\u00edodo 1970 &#8211; 1979<\/a>.<\/address>\n<address>25.06.2013 &#8211; Secci\u00f3n Fiestas se incorporan nuevas im\u00e1genes en el\u00a0<a href=\"http:\/\/www.barriodemovera.es\/?page_id=335\">per\u00edodo 1980 &#8211; 1989<\/a>.<\/address>\n<address>\n<address>25.06.2013 &#8211; Secci\u00f3n <a href=\"http:\/\/www.barriodemovera.es\/?page_id=225\">Prensa Hist\u00f3rica<\/a>\u00a0se incorpora un interesant\u00edsimo reportaje sobre el <a href=\"http:\/\/www.barriodemovera.es\/?page_id=1684\">Barrio en 1925<\/a>.<\/address>\n<p>10.06.2013 &#8211; Secci\u00f3n <a href=\"http:\/\/www.barriodemovera.es\/?page_id=225\">Prensa Hist\u00f3rica<\/a>\u00a0se incorporan nuevas noticias.<\/p>\n<p>05.06.2013 &#8211; Secci\u00f3n C.D. Movera se actualiza el apartado <a href=\"http:\/\/www.barriodemovera.es\/?page_id=477\">Historia Reciente<\/a> con nuevos datos y fotograf\u00edas.<\/p>\n<p>05.06.2013 &#8211; Secci\u00f3n Historia se crea el apartado\u00a0<a href=\"http:\/\/www.barriodemovera.es\/?page_id=1570\">Hosteler\u00eda<\/a>.<\/p>\n<\/address>\n<address>\n<address>\n<address>\n<address>\n<address>05.06.2013 &#8211; Secci\u00f3n <a href=\"http:\/\/www.barriodemovera.es\/?page_id=225\">Prensa Hist\u00f3rica<\/a>\u00a0se incorpora un interesant\u00edsimo reportaje sobre el <a href=\"http:\/\/www.barriodemovera.es\/?page_id=1639\">Barrio en 1975<\/a>.<\/address>\n<address>\u00a0<\/address>\n<address>30.05.2013 &#8211; Secci\u00f3n Genealog\u00eda se crea el apartado <a href=\"http:\/\/www.barriodemovera.es\/?page_id=1615\">Familias<\/a> y\u00a0se incorpora el \u00e1rbol geneal\u00f3gico de la <a href=\"http:\/\/www.barriodemovera.es\/?page_id=1611\">familia Chaure-Deoiz<\/a><\/address>\n<p>29.05.2013 &#8211; Secci\u00f3n Fiestas se incorporan los datos del <a href=\"http:\/\/www.barriodemovera.es\/?page_id=335\">per\u00edodo 1990 &#8211; 1999<\/a>.<\/p>\n<address>22.05.2013 &#8211; Secci\u00f3n <a href=\"http:\/\/www.barriodemovera.es\/?page_id=225\">Prensa Hist\u00f3rica<\/a>\u00a0se incorporan 6 grupos de\u00a0noticias del per\u00edodo\u00a01.854 a 1.972.<\/address>\n<address>\u00a0<\/address>\n<address>\n<address>20.05.2013 &#8211; Secci\u00f3n Genealog\u00eda (Apartado Censos\/Padrones) se incorpora el <a href=\"http:\/\/www.barriodemovera.es\/?page_id=1433\">Censo Electoral de 1.955<\/a>.<\/address>\n<address>\u00a0<\/address>\n<address>\n<address>10.05.2013 &#8211; Secci\u00f3n Historia (Apartado Junta de Obras) se incorpora el <a href=\"http:\/\/www.barriodemovera.es\/?page_id=163\">Reglamento del Cementerio<\/a>.<\/address>\n<address>10.05.2013 &#8211; Secci\u00f3n Parroquia (Apartado Cofrad\u00eda del Rosario) se incorpora el <a href=\"http:\/\/www.barriodemovera.es\/?page_id=165\">Reglamento de la Cofrad\u00eda<\/a>.<\/address>\n<address>10.05.2013 &#8211; Secci\u00f3n Genealog\u00eda (Apartado Censos\/Padrones) se incorpora el <a href=\"http:\/\/www.barriodemovera.es\/?page_id=1415\">Censo Electoral de 1.932<\/a>.<\/address>\n<address>\u00a0<\/address>\n<address>\n<address>05.05.2013 &#8211; Secci\u00f3n Fiestas se incorporan los datos del <a href=\"http:\/\/www.barriodemovera.es\/?page_id=335\">per\u00edodo 1980 &#8211; 1989<\/a>.<\/address>\n<address>05.05.2013 &#8211; Secci\u00f3n Fiestas se incorporan nuevas im\u00e1genes en el <a href=\"http:\/\/www.barriodemovera.es\/?page_id=388\">per\u00edodo 1970 &#8211; 1979<\/a>.<\/address>\n<address>\n<address>05.05.2013 &#8211; Secci\u00f3n <a href=\"http:\/\/www.barriodemovera.es\/?page_id=225\">Prensa Hist\u00f3rica<\/a>\u00a0se incorporan nuevas noticias.<\/address>\n<address>\u00a0<\/address>\n<address>\n<address>15.04.2013 &#8211; Secci\u00f3n Personajes se incorpora rese\u00f1a del matrimonio <a href=\"http:\/\/www.barriodemovera.es\/?page_id=1221\">Urzaiz-Sala<\/a>.<\/address>\n<address>15.04.2013 &#8211; Secci\u00f3n Genealog\u00eda (Apartado Censos\/Padrones) se incorpora los <a href=\"http:\/\/www.barriodemovera.es\/?page_id=1278\">Parroquianos de 1.820<\/a>.<\/address>\n<address>15.04.2013 &#8211; Secci\u00f3n Genealog\u00eda se incorporan los <a href=\"http:\/\/www.barriodemovera.es\/?page_id=1196\">Alistamientos de 1.879 a 1.898<\/a>.<\/address>\n<address>15.04.2013 &#8211; Secci\u00f3n <a href=\"http:\/\/www.barriodemovera.es\/?page_id=225\">Prensa Hist\u00f3rica<\/a>\u00a0se incorporan nuevas noticias.<span style=\"line-height: 1.6em;\">\u00a0<\/span><\/address>\n<address>\u00a0<\/address>\n<p>5.04.2013 &#8211; Publicaci\u00f3n general del blog.<\/p>\n<p>&nbsp;<\/p>\n<\/address>\n<\/address>\n<\/address>\n<\/address>\n<\/address>\n<\/address>\n<\/address>\n<\/address>\n<\/address>\n<\/address>\n","protected":false},"excerpt":{"rendered":"<p>En esta p\u00e1gina se informa de las \u00faltimas modificaciones y nuevas incorporaciones al blog. 16.09.2022 &#8211; Secci\u00f3n Fiestas se incorporan los datos de 2022 24.04.2020\u00a0&#8211; Se crea la Secci\u00f3n Estad\u00edstica\u00a0y se incorporan los datos de 2014, 2015, 2016, 2017, 2018 &hellip; <a href=\"http:\/\/www.barriodemovera.es\/?page_id=1217\">Sigue leyendo <span class=\"meta-nav\">&rarr;<\/span><\/a><\/p>\n","protected":false},"author":1,"featured_media":0,"parent":0,"menu_order":0,"comment_status":"closed","ping_status":"closed","template":"onecolumn-page.php","meta":{"_monsterinsights_skip_tracking":false,"_monsterinsights_sitenote_active":false,"_monsterinsights_sitenote_note":"","_monsterinsights_sitenote_category":0,"footnotes":""},"class_list":["post-1217","page","type-page","status-publish","hentry"],"aioseo_notices":[],"_links":{"self":[{"href":"http:\/\/www.barriodemovera.es\/index.php?rest_route=\/wp\/v2\/pages\/1217","targetHints":{"allow":["GET"]}}],"collection":[{"href":"http:\/\/www.barriodemovera.es\/index.php?rest_route=\/wp\/v2\/pages"}],"about":[{"href":"http:\/\/www.barriodemovera.es\/index.php?rest_route=\/wp\/v2\/types\/page"}],"author":[{"embeddable":true,"href":"http:\/\/www.barriodemovera.es\/index.php?rest_route=\/wp\/v2\/users\/1"}],"replies":[{"embeddable":true,"href":"http:\/\/www.barriodemovera.es\/index.php?rest_route=%2Fwp%2Fv2%2Fcomments&post=1217"}],"version-history":[{"count":172,"href":"http:\/\/www.barriodemovera.es\/index.php?rest_route=\/wp\/v2\/pages\/1217\/revisions"}],"predecessor-version":[{"id":3836,"href":"http:\/\/www.barriodemovera.es\/index.php?rest_route=\/wp\/v2\/pages\/1217\/revisions\/3836"}],"wp:attachment":[{"href":"http:\/\/www.barriodemovera.es\/index.php?rest_route=%2Fwp%2Fv2%2Fmedia&parent=1217"}],"curies":[{"name":"wp","href":"https:\/\/api.w.org\/{rel}","templated":true}]}}